{"id":85,"date":"2022-09-14T18:48:21","date_gmt":"2022-09-14T18:48:21","guid":{"rendered":"https:\/\/www.aslaci.org\/web\/?page_id=85"},"modified":"2025-11-18T11:11:28","modified_gmt":"2025-11-18T11:11:28","slug":"cursos","status":"publish","type":"page","link":"https:\/\/www.aslaci.org\/web\/cursos\/","title":{"rendered":"Cursos"},"content":{"rendered":"\n<figure class=\"wp-block-image size-large\"><img decoding=\"async\" src=\"https:\/\/www.aslaci.org\/img\/eventos\/LOGO%20CINELA%20ASLACI.jpg\" alt=\"\"\/><\/figure>\n\n\n\n<p><strong>14 de Octubre al 17 de Noviembre de 2025.&nbsp;<\/strong><\/p>\n\n\n\n<p><strong>Curso de prevenci\u00f3n y control de IAAS CINELA<\/strong><br>LINK DE INSCRIPCI\u00d3N:\u00a0<a href=\"https:\/\/forms.gle\/p3YGbv1X3cgKaA7z9\">https:\/\/forms.gle\/p3YGbv1X3cgKaA7z9<\/a><br>LINK DE PAGOS: INSCRIPCIONES CERRADAS HASTA PROXIMA EDICI\u00d3N<\/p>\n\n\n\n<p>C<strong>urso apto para presentar como requisito de formaci\u00f3n, para aspirar a la CERTIFICACI\u00d3N PROFESIONAL EN CONTROL DE IAAS<\/strong>&nbsp;<strong>de&nbsp;ASLACI.<\/strong><\/p>\n\n\n\n<p>Completamente renovado y 100% virtual.&nbsp;Estar\u00e1 disponible en nuestra propia plataforma educativa.<\/p>\n\n\n\n<p>DURACI\u00d3N:&nbsp;<strong>40&nbsp; horas<\/strong><\/p>\n\n\n\n<p>Inicio del curso:&nbsp;14 de Octubre de 2025<\/p>\n\n\n\n<p>Fin del curso:&nbsp;17 de Noviembre de 2025<\/p>\n\n\n\n<p>Examen final:&nbsp;disponible del 18 al 22 de noviembre.<\/p>\n\n\n\n<p><strong>Costo:<\/strong><\/p>\n\n\n\n<p>Inscripci\u00f3n individual:&nbsp;50 d\u00f3lares.<\/p>\n\n\n\n<p><\/p>\n\n\n\n<p><\/p>\n\n\n\n<p><strong>Detalles del curso:<\/strong><\/p>\n\n\n\n<p>Las clases ser\u00e1n asincr\u00f3nicas, \u00e9l contenido&nbsp;&nbsp;estar\u00e1 disponible por&nbsp;<strong>m\u00f3dulos semanales. Cada d\u00eda&nbsp;martes ser\u00e1n habilitados&nbsp;los contenidos de la&nbsp; semana que inicia, permaneciendo siempre disponibles los contenidos de la\/s semana\/s anterior\/es.&nbsp;<\/strong><\/p>\n\n\n\n<p>Cada m\u00f3dulo se compondr\u00e1 de &nbsp;6~7 clases grabadas&nbsp;en videos, cuya&nbsp;visualizaci\u00f3n es&nbsp;obligatoria.&nbsp;El contenido de cada video tambi\u00e9n estar\u00e1&nbsp;disponible para descarga como archivo de formato pdf para repaso de los contenidos.<\/p>\n\n\n\n<p>Se habilitar\u00e1 cada semana un&nbsp;<strong>chat grupal<\/strong>, donde se podr\u00e1n plantear preguntas de los temas tratados en la semana y cuyas respuestas estar\u00e1n a cargo de los docentes del curso.<\/p>\n\n\n\n<p>&nbsp;Los \u00faltimos dias de cada semana (jueves a lunes) Uds. dispondr\u00e1n de una&nbsp;<strong>evaluaci\u00f3n parcial del m\u00f3dulo en curso<\/strong>.&nbsp; Se permitir\u00e1n solo 2 intentos en estos cuestionarios, los mismos cuentan con retroalimentaci\u00f3n en un intento de fomentar la lectura y comprensi\u00f3n de los temas antes del \u00faltimo intento de respuestas. Deber\u00e1n ser respondidos antes del dia martes.<\/p>\n\n\n\n<p>La evaluaci\u00f3n final del curso se compondr\u00e1 por el cumplimiento y participaci\u00f3n&nbsp;identificada en cada alumno usuario de MOODLE, las calificaciones semanales de los ex\u00e1menes&nbsp;de cada m\u00f3dulo y la calificaci\u00f3n del examen final.&nbsp;<\/p>\n\n\n\n<p>Los alumnos que aprueben el curso tendr\u00e1n el certificado de&nbsp;<strong>APROBACI\u00d3N<\/strong>, y quienes no superen el m\u00ednimo necesario (70% promedio) pero hayan completado el curso, tendr\u00e1n el certificado de&nbsp;<strong>ASISTENCIA.<\/strong><\/p>\n\n\n\n<p><strong>INFORMACI\u00d3N&nbsp;GENERAL DEL CURSO:<\/strong><\/p>\n\n\n\n<p><strong>Descripci\u00f3n general del curso :<\/strong><\/p>\n\n\n\n<ol start=\"1\" class=\"wp-block-list\">\n<li>Justificaci\u00f3n<\/li>\n\n\n\n<li>Objetivos<\/li>\n\n\n\n<li>Docentes<\/li>\n\n\n\n<li>Poblaci\u00f3n objetivo<\/li>\n\n\n\n<li>Contenidos educativos.<\/li>\n\n\n\n<li>Estructura del curso ( tema y hora),<\/li>\n\n\n\n<li>Evaluaci\u00f3n.<\/li>\n<\/ol>\n\n\n\n<ol start=\"1\" class=\"wp-block-list\">\n<li><strong>Justificaci\u00f3n<\/strong><\/li>\n<\/ol>\n\n\n\n<p>Los pa\u00edses latinoamericanos contamos con estructuras poco homog\u00e9neas para la prevenci\u00f3n y control de Infecciones Asociadas a la Atenci\u00f3n en Salud (IAAS). Si bien es cierto, que existen centros muy desarrollados en cuanto a informaci\u00f3n epidemiol\u00f3gica y aplicaci\u00f3n de programas de intervenci\u00f3n, hay otros donde el problema es desconocido e incluso donde se efect\u00faan en forma rutinaria medidas ineficientes que incrementan los costos de atenci\u00f3n y otras que adem\u00e1s aumentan los riesgos de infecciones.<\/p>\n\n\n\n<p>Este proyecto pretende entregar estrategias b\u00e1sicas para prevenir y controlar IAAS y una metodolog\u00eda para evaluar su cumplimiento e impacto. Consiste en un curso b\u00e1sico de control de IAAS impartido para profesionales de la salud de Latinoam\u00e9rica. Como resultado se espera contar con una masa cr\u00edtica de profesionales con conocimientos actualizados en la materia que contribuyan a la implementaci\u00f3n de programas efectivos y unificados en todo Latinoam\u00e9rica y el Caribe.<\/p>\n\n\n\n<ol start=\"2\" class=\"wp-block-list\">\n<li><strong>Objetivo:<\/strong><\/li>\n<\/ol>\n\n\n\n<p>Capacitar al personal de la salud en las m\u00ednimas competencias necesarias para elaborar y coordinar programas de control de infecciones como indicadores de la calidad y seguridad del paciente.<\/p>\n\n\n\n<p><strong>Objetivos espec\u00edficos<\/strong><\/p>\n\n\n\n<ol start=\"1\" class=\"wp-block-list\">\n<li>Conocer la epidemiolog\u00eda de las IAAS<\/li>\n\n\n\n<li>Identificar aspectos relevantes de la microbiolog\u00eda de las IAAS<\/li>\n\n\n\n<li>Conocer la metodolog\u00eda del sistema de vigilancia de IAAS<\/li>\n\n\n\n<li>Conocer los riesgos asociados al ambiente f\u00edsico<\/li>\n\n\n\n<li>Elaborar un programa b\u00e1sico de intervenci\u00f3n en IAAS<\/li>\n\n\n\n<li>Conocer las medidas generales en la prevenci\u00f3n de IAAS<\/li>\n\n\n\n<li>Conocer las medidas efectivas en la prevenci\u00f3n de IAAS en las principales localizaciones<\/li>\n\n\n\n<li>Conocer los m\u00e9todos de supervisi\u00f3n<\/li>\n\n\n\n<li>Conocer los programas de salud laboral<\/li>\n<\/ol>\n\n\n\n<ol start=\"3\" class=\"wp-block-list\">\n<li><strong>Docentes<\/strong>:<\/li>\n<\/ol>\n\n\n\n<p>Dr. Patricio Nercelles, Chile<\/p>\n\n\n\n<p>Dr. Martin Yagu\u00ed, Per\u00fa<\/p>\n\n\n\n<p>Lic. Pola Brenner, Chile<\/p>\n\n\n\n<p>Dr. Luis Elpidio Feliz, Republica Dominicana<\/p>\n\n\n\n<p>Dra. Roxana Trejo; M\u00e9xico<\/p>\n\n\n\n<p>Lic. Silvia Guerra, Uruguay<\/p>\n\n\n\n<p>Dra. Carmen Soria, Ecuador<\/p>\n\n\n\n<p>Dra. Milagros Herrera, Panam\u00e1<\/p>\n\n\n\n<p>Dr. Fernando Espinoza, Bolivia<\/p>\n\n\n\n<p>Dra. Adriana Jim\u00e9nez<\/p>\n\n\n\n<p>Lic. Zenobia Quispe<\/p>\n\n\n\n<ol start=\"4\" class=\"wp-block-list\">\n<li><strong>Poblaci\u00f3n Objetivos:<\/strong><\/li>\n<\/ol>\n\n\n\n<p>Personal de salud (m\u00e9dicos, enfermeras, tecn\u00f3logos m\u00e9dicos, etc) que tengan inter\u00e9s en la prevenci\u00f3n y control de infecciones asociadas a la atenci\u00f3n de salud<\/p>\n\n\n\n<ol start=\"5\" class=\"wp-block-list\">\n<li><strong>Contenido Educativo<\/strong><\/li>\n<\/ol>\n\n\n\n<p>\u00b7&nbsp;&nbsp;&nbsp;&nbsp;&nbsp;&nbsp; Generalidades de las IAAS<\/p>\n\n\n\n<p>\u00b7&nbsp;&nbsp;&nbsp;&nbsp;&nbsp;&nbsp; Diagn\u00f3stico de situaci\u00f3n<\/p>\n\n\n\n<p>\u00b7&nbsp;&nbsp;&nbsp;&nbsp;&nbsp;&nbsp; Medidas generales para la prevenci\u00f3n y control de IAAS<\/p>\n\n\n\n<p>\u00b7&nbsp;&nbsp;&nbsp;&nbsp;&nbsp;&nbsp; Medidas espec\u00edficas para la prevenci\u00f3n de IAAS<\/p>\n\n\n\n<p>\u00b7&nbsp;&nbsp;&nbsp;&nbsp;&nbsp;&nbsp; Enfermedades emergentes y reemergentes<\/p>\n\n\n\n<p>\u00b7&nbsp;&nbsp;&nbsp;&nbsp;&nbsp;&nbsp; Programas de IAAS<\/p>\n\n\n\n<p>\u00b7&nbsp;&nbsp;&nbsp;&nbsp;&nbsp;&nbsp; Desinfecci\u00f3n y esterilizaci\u00f3n<\/p>\n\n\n\n<ol start=\"6\" class=\"wp-block-list\">\n<li><strong>Metodolog\u00eda<\/strong><\/li>\n<\/ol>\n\n\n\n<p>Las clases ser\u00e1n asincr\u00f3nicas, se dispondr\u00e1 de presentaciones grabadas y disponibles por m\u00f3dulo durante una semana, luego un panel de preguntas y respuestas a cargo de los docentes seguido se realizara una evaluaci\u00f3n terminado del m\u00f3dulo. Al completar los 4 m\u00f3dulos se realizara una evaluaci\u00f3n final.<\/p>\n\n\n\n<p><\/p>\n","protected":false},"excerpt":{"rendered":"<p>14 de Octubre al 17 de Noviembre de 2025.&nbsp; Curso de prevenci\u00f3n y control de IAAS CINELALINK DE INSCRIPCI\u00d3N:\u00a0https:\/\/forms.gle\/p3YGbv1X3cgKaA7z9LINK DE PAGOS: INSCRIPCIONES CERRADAS HASTA PROXIMA<\/p>\n","protected":false},"author":1,"featured_media":0,"parent":0,"menu_order":0,"comment_status":"closed","ping_status":"closed","template":"","meta":{"footnotes":""},"class_list":["post-85","page","type-page","status-publish","hentry"],"_links":{"self":[{"href":"https:\/\/www.aslaci.org\/web\/wp-json\/wp\/v2\/pages\/85","targetHints":{"allow":["GET"]}}],"collection":[{"href":"https:\/\/www.aslaci.org\/web\/wp-json\/wp\/v2\/pages"}],"about":[{"href":"https:\/\/www.aslaci.org\/web\/wp-json\/wp\/v2\/types\/page"}],"author":[{"embeddable":true,"href":"https:\/\/www.aslaci.org\/web\/wp-json\/wp\/v2\/users\/1"}],"replies":[{"embeddable":true,"href":"https:\/\/www.aslaci.org\/web\/wp-json\/wp\/v2\/comments?post=85"}],"version-history":[{"count":13,"href":"https:\/\/www.aslaci.org\/web\/wp-json\/wp\/v2\/pages\/85\/revisions"}],"predecessor-version":[{"id":702,"href":"https:\/\/www.aslaci.org\/web\/wp-json\/wp\/v2\/pages\/85\/revisions\/702"}],"wp:attachment":[{"href":"https:\/\/www.aslaci.org\/web\/wp-json\/wp\/v2\/media?parent=85"}],"curies":[{"name":"wp","href":"https:\/\/api.w.org\/{rel}","templated":true}]}}